{"id":261,"date":"2018-09-03T19:35:57","date_gmt":"2018-09-03T17:35:57","guid":{"rendered":"http:\/\/photoclub-puyloubier.org\/?page_id=261"},"modified":"2018-09-25T13:04:18","modified_gmt":"2018-09-25T11:04:18","slug":"expositions-du-photo-club-puyloubier","status":"publish","type":"page","link":"https:\/\/photoclub-puyloubier.org\/index.php\/expositions-du-photo-club-puyloubier\/","title":{"rendered":"Expositions du Photo Club Puyloubier"},"content":{"rendered":"<p>Les membres du Photo Club Puyloubier exposent r\u00e9guli\u00e8rement leurs photos, plusieurs fois par an. Les genres sont tr\u00e8s vari\u00e9s: macro-photographie, paysages, portraits, voyages, etc. Tous peuvent y participer mais ce n\u2019est pas une obligation. Dans certains cas des th\u00e8mes sont impos\u00e9s, mais dans d\u2019autres, toute libert\u00e9 d\u2019expression est donn\u00e9e aux membres de l\u2019association.<\/p>\n<p>Vous pourrez voir dans cette page les photos qui ont \u00e9t\u00e9 s\u00e9lectionn\u00e9es pour les expos pass\u00e9es. Les expositions en cours sont visibles dans notre salle d\u2019exposition \u00e0 notre si\u00e8ge social. D\u00e8s que les expositions en cours seront termin\u00e9es, vous pourrez en voir les images sur cette page. Cependant, nous vous encourageons \u00e0 visiter notre salle d\u2019exposition car l\u2019exp\u00e9rience de voir des tirages originaux encadr\u00e9s et expos\u00e9s est bien plus gratifiante que de voir la m\u00eame image sur un \u00e9cran d\u2019ordinateur.<\/p>\n<p>Les photos des membres du Photo Club Puyloubier qui ont \u00e9t\u00e9 expos\u00e9es (\u00e0 l\u2019exception de quelques unes) sont en vente sur ce site. Consultez la page correspondante de notre boutique: Vente de tirages<\/p>\n<hr \/>\n<blockquote style=\"padding-left: 60px;\"><p><span style=\"color: #000000;\"><em>Tous les tirages de nos expositions sont r\u00e9alis\u00e9s sur papier photo argentique Fujicolor Crystal Archive Paper par le laboratoire professionnel Gloomy Art<br \/>\n<\/em><\/span><span style=\"color: #000000;\"><em>3 place Gambetta<br \/>\n<\/em><\/span><span style=\"color: #000000;\"><em>13120 GARDANNE<br \/>\n<\/em><\/span><span style=\"color: #000000;\"><em>+33 (0)4 88 14 65 48<\/em><\/span><span style=\"color: #000000;\"><em><br \/>\n<a style=\"color: #000000;\" href=\"https:\/\/www.facebook.com\/labogloomyart?fref=photo\" target=\"_blank\" rel=\"noopener\"><strong>https:\/\/www.facebook.com\/labogloomyart?fref=photo<\/strong><\/a><\/em><\/span><\/p><\/blockquote>\n<hr \/>\n<h2>Couleurs, noirs et blancs<\/h2>\n<p>Juin 2018<\/p>\n<table border=\"0\" width=\"100%\" cellspacing=\"5\" align=\"center\">\n<tbody>\n<tr>\n<td valign=\"bottom\">\u00a0 <a href=\"http:\/\/photoclub-puyloubier.org\/wp-content\/uploads\/2018\/09\/30514106158_7deb04b386_k.jpg\"><img loading=\"lazy\" class=\"aligncenter size-thumbnail wp-image-293\" src=\"http:\/\/photoclub-puyloubier.org\/wp-content\/uploads\/2018\/09\/30514106158_7deb04b386_k-200x200.jpg\" alt=\"\" width=\"200\" height=\"200\" \/><\/a><\/td>\n<td style=\"text-align: center;\" valign=\"bottom\"><a href=\"http:\/\/photoclub-puyloubier.org\/wp-content\/uploads\/2018\/09\/30514133728_b77a692ddc_k.jpg\"><img loading=\"lazy\" class=\"aligncenter size-thumbnail wp-image-295\" src=\"http:\/\/photoclub-puyloubier.org\/wp-content\/uploads\/2018\/09\/30514133728_b77a692ddc_k-200x200.jpg\" alt=\"\" width=\"200\" height=\"200\" \/><\/a><\/td>\n<td style=\"text-align: center;\" valign=\"bottom\"><a href=\"http:\/\/photoclub-puyloubier.org\/wp-content\/uploads\/2018\/09\/43474348345_054e920f9f_k.jpg\"><img loading=\"lazy\" class=\"aligncenter size-thumbnail wp-image-294\" src=\"http:\/\/photoclub-puyloubier.org\/wp-content\/uploads\/2018\/09\/43474348345_054e920f9f_k-200x200.jpg\" alt=\"\" width=\"200\" height=\"200\" \/><\/a><\/td>\n<td style=\"text-align: center;\" valign=\"bottom\"><a href=\"http:\/\/photoclub-puyloubier.org\/wp-content\/uploads\/2018\/09\/42572980110_138c853cd9_k.jpg\"><img loading=\"lazy\" class=\"aligncenter size-thumbnail wp-image-296\" src=\"http:\/\/photoclub-puyloubier.org\/wp-content\/uploads\/2018\/09\/42572980110_138c853cd9_k-200x200.jpg\" alt=\"\" width=\"200\" height=\"200\" \/><\/a><\/td>\n<\/tr>\n<\/tbody>\n<\/table>\n<p style=\"text-align: center;\"><em><strong><a href=\"https:\/\/www.flickr.com\/photos\/129516439@N05\/albums\/72157700502544264\" target=\"_blank\" rel=\"noopener\">Voir toutes les photos de l\u2019exposition sur FlickR<\/a><\/strong><\/em><\/p>\n<h2><\/h2>\n<h2>Macros et visages (Les ados s&#8217;exposent)<\/h2>\n<p>F\u00e9vrier 2018<\/p>\n<table border=\"0\" width=\"100%\" cellspacing=\"5\" align=\"center\">\n<tbody>\n<tr>\n<td style=\"text-align: center;\" valign=\"bottom\">\u00a0 <a href=\"http:\/\/photoclub-puyloubier.org\/wp-content\/uploads\/2018\/09\/44380130801_748324584d_h.jpg\"><img loading=\"lazy\" class=\"aligncenter wp-image-288 size-thumbnail\" src=\"http:\/\/photoclub-puyloubier.org\/wp-content\/uploads\/2018\/09\/44380130801_748324584d_h-200x200.jpg\" alt=\"\" width=\"200\" height=\"200\" \/><\/a><\/td>\n<td style=\"text-align: center;\" valign=\"bottom\"><a href=\"http:\/\/photoclub-puyloubier.org\/wp-content\/uploads\/2018\/09\/44331831952_d1eb6586a3_h.jpg\"><img loading=\"lazy\" class=\"aligncenter size-thumbnail wp-image-289\" src=\"http:\/\/photoclub-puyloubier.org\/wp-content\/uploads\/2018\/09\/44331831952_d1eb6586a3_h-200x200.jpg\" alt=\"\" width=\"200\" height=\"200\" \/><\/a><\/td>\n<td style=\"text-align: center;\" valign=\"bottom\"><a href=\"http:\/\/photoclub-puyloubier.org\/wp-content\/uploads\/2018\/09\/30512809268_04bf571d69_h.jpg\"><img loading=\"lazy\" class=\"aligncenter size-thumbnail wp-image-290\" src=\"http:\/\/photoclub-puyloubier.org\/wp-content\/uploads\/2018\/09\/30512809268_04bf571d69_h-200x200.jpg\" alt=\"\" width=\"200\" height=\"200\" \/><\/a><\/td>\n<td style=\"text-align: center;\" valign=\"bottom\"><a href=\"http:\/\/photoclub-puyloubier.org\/wp-content\/uploads\/2018\/09\/30512817578_8875a12627_h.jpg\"><img loading=\"lazy\" class=\"aligncenter size-thumbnail wp-image-291\" src=\"http:\/\/photoclub-puyloubier.org\/wp-content\/uploads\/2018\/09\/30512817578_8875a12627_h-200x200.jpg\" alt=\"\" width=\"200\" height=\"200\" \/><\/a><\/td>\n<\/tr>\n<\/tbody>\n<\/table>\n<p style=\"text-align: center;\"><em><strong><a href=\"https:\/\/www.flickr.com\/photos\/129516439@N05\/albums\/72157670748267977\" target=\"_blank\" rel=\"noopener\">Voir toutes les photos de l\u2019exposition sur FlickR<\/a><\/strong><\/em><\/p>\n<h2><\/h2>\n<h2>Rocs et Rues<br \/>\nd&#8217;ici et d&#8217;ailleurs<\/h2>\n<p>Mai 2017<\/p>\n<table border=\"0\" width=\"100%\" cellspacing=\"5\" align=\"center\">\n<tbody>\n<tr>\n<td style=\"text-align: center;\" valign=\"bottom\"><a href=\"http:\/\/photoclub-puyloubier.org\/wp-content\/uploads\/2018\/09\/43473216225_75f8d175c5_h.jpg\"><img loading=\"lazy\" class=\"aligncenter size-thumbnail wp-image-284\" src=\"http:\/\/photoclub-puyloubier.org\/wp-content\/uploads\/2018\/09\/43473216225_75f8d175c5_h-200x200.jpg\" alt=\"\" width=\"200\" height=\"200\" \/><\/a><\/td>\n<td style=\"text-align: center;\" valign=\"bottom\"><a href=\"http:\/\/photoclub-puyloubier.org\/wp-content\/uploads\/2018\/09\/43473212605_832448ae58_h.jpg\"><img loading=\"lazy\" class=\"aligncenter size-thumbnail wp-image-285\" src=\"http:\/\/photoclub-puyloubier.org\/wp-content\/uploads\/2018\/09\/43473212605_832448ae58_h-200x200.jpg\" alt=\"\" width=\"200\" height=\"200\" \/><\/a><\/td>\n<td style=\"text-align: center;\" valign=\"bottom\"><a href=\"http:\/\/photoclub-puyloubier.org\/wp-content\/uploads\/2018\/09\/43473206965_234a1d8c24_o.jpg\"><img loading=\"lazy\" class=\"aligncenter size-thumbnail wp-image-283\" src=\"http:\/\/photoclub-puyloubier.org\/wp-content\/uploads\/2018\/09\/43473206965_234a1d8c24_o-200x200.jpg\" alt=\"\" width=\"200\" height=\"200\" \/><\/a><\/td>\n<td style=\"text-align: center;\" valign=\"bottom\"><a href=\"http:\/\/photoclub-puyloubier.org\/wp-content\/uploads\/2018\/09\/43663309784_015b41a2e1_h.jpg\"><img loading=\"lazy\" class=\"aligncenter size-thumbnail wp-image-282\" src=\"http:\/\/photoclub-puyloubier.org\/wp-content\/uploads\/2018\/09\/43663309784_015b41a2e1_h-200x200.jpg\" alt=\"\" width=\"200\" height=\"200\" \/><\/a><\/td>\n<\/tr>\n<\/tbody>\n<\/table>\n<p style=\"text-align: center;\"><em><strong><a href=\"https:\/\/www.flickr.com\/photos\/129516439@N05\/albums\/72157700812582785\" target=\"_blank\" rel=\"noopener\">Voir toutes les photos de l\u2019exposition sur FlickR<\/a><\/strong><\/em><\/p>\n<h2><\/h2>\n<h2>La danse<\/h2>\n<p>Novembre 2016<\/p>\n<p>Mod\u00e8le: Flora BRUGGER<\/p>\n<table border=\"0\" width=\"100%\" cellspacing=\"5\" align=\"center\">\n<tbody>\n<tr>\n<td style=\"text-align: center;\" valign=\"bottom\"><a href=\"http:\/\/photoclub-puyloubier.org\/wp-content\/uploads\/2018\/09\/30512498978_6b767be377_o.jpg\"><img loading=\"lazy\" class=\"aligncenter size-thumbnail wp-image-280\" src=\"http:\/\/photoclub-puyloubier.org\/wp-content\/uploads\/2018\/09\/30512498978_6b767be377_o-200x200.jpg\" alt=\"\" width=\"200\" height=\"200\" \/><\/a><\/td>\n<td style=\"text-align: center;\" valign=\"bottom\"><a href=\"http:\/\/photoclub-puyloubier.org\/wp-content\/uploads\/2018\/09\/29443805697_1bfb0eef3d_o.jpg\"><img loading=\"lazy\" class=\"aligncenter size-thumbnail wp-image-279\" src=\"http:\/\/photoclub-puyloubier.org\/wp-content\/uploads\/2018\/09\/29443805697_1bfb0eef3d_o-200x200.jpg\" alt=\"\" width=\"200\" height=\"200\" \/><\/a><\/td>\n<td style=\"text-align: center;\" valign=\"bottom\"><a href=\"http:\/\/photoclub-puyloubier.org\/wp-content\/uploads\/2018\/09\/30512500538_9ec2f1ef4c_o.jpg\"><img loading=\"lazy\" class=\"aligncenter size-thumbnail wp-image-278\" src=\"http:\/\/photoclub-puyloubier.org\/wp-content\/uploads\/2018\/09\/30512500538_9ec2f1ef4c_o-200x200.jpg\" alt=\"\" width=\"200\" height=\"200\" srcset=\"https:\/\/photoclub-puyloubier.org\/wp-content\/uploads\/2018\/09\/30512500538_9ec2f1ef4c_o-200x200.jpg 200w, https:\/\/photoclub-puyloubier.org\/wp-content\/uploads\/2018\/09\/30512500538_9ec2f1ef4c_o-300x300.jpg 300w, https:\/\/photoclub-puyloubier.org\/wp-content\/uploads\/2018\/09\/30512500538_9ec2f1ef4c_o-800x800.jpg 800w, https:\/\/photoclub-puyloubier.org\/wp-content\/uploads\/2018\/09\/30512500538_9ec2f1ef4c_o.jpg 1280w\" sizes=\"(max-width: 200px) 100vw, 200px\" \/><\/a><\/td>\n<td style=\"text-align: center;\" valign=\"bottom\"><a href=\"http:\/\/photoclub-puyloubier.org\/wp-content\/uploads\/2018\/09\/43662973474_448f8d537d_o.jpg\"><img loading=\"lazy\" class=\"aligncenter size-thumbnail wp-image-277\" src=\"http:\/\/photoclub-puyloubier.org\/wp-content\/uploads\/2018\/09\/43662973474_448f8d537d_o-200x200.jpg\" alt=\"\" width=\"200\" height=\"200\" \/><\/a><\/td>\n<\/tr>\n<\/tbody>\n<\/table>\n<p style=\"text-align: center;\"><em><strong><a href=\"https:\/\/www.flickr.com\/photos\/129516439@N05\/albums\/72157700499756704\" target=\"_blank\" rel=\"noopener\">Voir toutes les photos de l\u2019exposition sur FlickR<\/a><\/strong><\/em><\/p>\n<h2>Natures (<em>Saisons et animaux sauvages<\/em>)<\/h2>\n<p>Juin 2017<\/p>\n<table border=\"0\" width=\"100%\" cellspacing=\"5\" align=\"center\">\n<tbody>\n<tr>\n<td style=\"text-align: center;\" valign=\"bottom\"><a href=\"http:\/\/photoclub-puyloubier.org\/wp-content\/uploads\/2018\/09\/34067073394_91b4c8e2ff_o.jpg\"><img loading=\"lazy\" class=\"aligncenter size-thumbnail wp-image-427\" src=\"http:\/\/photoclub-puyloubier.org\/wp-content\/uploads\/2018\/09\/34067073394_91b4c8e2ff_o-200x200.jpg\" alt=\"\" width=\"200\" height=\"200\" \/><\/a><\/td>\n<td style=\"text-align: center;\" valign=\"bottom\"><a href=\"http:\/\/photoclub-puyloubier.org\/wp-content\/uploads\/2018\/09\/34522961850_6288ee4326_o.jpg\"><img loading=\"lazy\" class=\"aligncenter size-thumbnail wp-image-428\" src=\"http:\/\/photoclub-puyloubier.org\/wp-content\/uploads\/2018\/09\/34522961850_6288ee4326_o-200x200.jpg\" alt=\"\" width=\"200\" height=\"200\" \/><\/a><\/td>\n<td valign=\"bottom\"><a href=\"http:\/\/photoclub-puyloubier.org\/wp-content\/uploads\/2018\/09\/34869522966_8f06d3374f_o.jpg\"><img loading=\"lazy\" class=\"aligncenter size-thumbnail wp-image-429\" src=\"http:\/\/photoclub-puyloubier.org\/wp-content\/uploads\/2018\/09\/34869522966_8f06d3374f_o-200x200.jpg\" alt=\"\" width=\"200\" height=\"200\" \/><\/a><\/td>\n<td style=\"text-align: center;\" valign=\"bottom\"><a href=\"http:\/\/photoclub-puyloubier.org\/wp-content\/uploads\/2018\/09\/34067025144_c72633bdf6_o.jpg\"><img loading=\"lazy\" class=\"aligncenter size-thumbnail wp-image-426\" src=\"http:\/\/photoclub-puyloubier.org\/wp-content\/uploads\/2018\/09\/34067025144_c72633bdf6_o-200x200.jpg\" alt=\"\" width=\"200\" height=\"200\" \/><\/a><\/td>\n<\/tr>\n<\/tbody>\n<\/table>\n<p style=\"text-align: center;\"><em><strong><a href=\"https:\/\/www.flickr.com\/photos\/129516439@N05\/albums\/72157682344706720\" target=\"_blank\" rel=\"noopener\">Voir toutes les photos de l\u2019exposition sur FlickR<\/a><\/strong><\/em><\/p>\n<h2>Des voiles sur l&#8217;\u00c9tang de Berre<\/h2>\n<p>Mars 2016<\/p>\n<p>Les photos prises pour cette exposition ont \u00e9t\u00e9 r\u00e9alis\u00e9es en collaboration avec le Club Nautique de Martigues, lors de diverses r\u00e9gates. Plusieurs journ\u00e9es de prises de vue ont \u00e9t\u00e9 n\u00e9cessaires en sus des heures de d\u00e9veloppement, sans compter le temps pass\u00e9 \u00e0 faire le choix d\u00e9finitif des photos \u00e0 exposer.<\/p>\n<p>Deux expositions furent organis\u00e9es: une \u00e0 Puyloubier et une autre \u00e0 Martigues.<\/p>\n<table border=\"0\" width=\"100%\" cellspacing=\"5\" align=\"center\">\n<tbody>\n<tr>\n<td style=\"text-align: center;\" valign=\"bottom\"><a href=\"http:\/\/photoclub-puyloubier.org\/wp-content\/uploads\/2018\/09\/26791212373_21c7e36840_o.jpg\"><img loading=\"lazy\" class=\"aligncenter wp-image-273 size-thumbnail\" src=\"http:\/\/photoclub-puyloubier.org\/wp-content\/uploads\/2018\/09\/26791212373_21c7e36840_o-200x200.jpg\" alt=\"\" width=\"200\" height=\"200\" \/><\/a><\/td>\n<td style=\"text-align: center;\" valign=\"bottom\"><a href=\"http:\/\/photoclub-puyloubier.org\/wp-content\/uploads\/2018\/09\/27364705106_731fb6077d_o.jpg\"><img loading=\"lazy\" class=\"aligncenter size-thumbnail wp-image-274\" src=\"http:\/\/photoclub-puyloubier.org\/wp-content\/uploads\/2018\/09\/27364705106_731fb6077d_o-200x200.jpg\" alt=\"\" width=\"200\" height=\"200\" \/><\/a><\/td>\n<td style=\"text-align: center;\" valign=\"bottom\"><a href=\"http:\/\/photoclub-puyloubier.org\/wp-content\/uploads\/2018\/09\/27122602880_5ca04605dd_o.jpg\"><img loading=\"lazy\" class=\"aligncenter size-thumbnail wp-image-271\" src=\"http:\/\/photoclub-puyloubier.org\/wp-content\/uploads\/2018\/09\/27122602880_5ca04605dd_o-200x200.jpg\" alt=\"\" width=\"200\" height=\"200\" \/><\/a><\/td>\n<td style=\"text-align: center;\" valign=\"bottom\"><a href=\"http:\/\/photoclub-puyloubier.org\/wp-content\/uploads\/2018\/09\/26791191083_77b90abe45_o.jpg\"><img loading=\"lazy\" class=\"aligncenter size-thumbnail wp-image-272\" src=\"http:\/\/photoclub-puyloubier.org\/wp-content\/uploads\/2018\/09\/26791191083_77b90abe45_o-200x200.jpg\" alt=\"\" width=\"200\" height=\"200\" \/><\/a><\/td>\n<\/tr>\n<\/tbody>\n<\/table>\n<p style=\"text-align: center;\"><em><strong><a href=\"https:\/\/www.flickr.com\/photos\/129516439@N05\/albums\/72157668366002810\" target=\"_blank\" rel=\"noopener\">Voir toutes les photos de l\u2019exposition sur FlickR<\/a><\/strong><\/em><\/p>\n<h2><\/h2>\n<h2>Puyloubier dans l\u2019objectif<\/h2>\n<p>Avril \u2013 Mai 2015<\/p>\n<p>Cette exposition est le r\u00e9sultat d\u2019un long processus de pr\u00e9paration, de nombreuses heures de prise de vues, d\u2019innombrables r\u00e9unions pour visionner, analyser et choisir les photographies pr\u00e9sent\u00e9es par les membres du Photo Club. L\u2019objectif (d\u2019o\u00f9 le titre en jeu de mots de l\u2019exposition) du projet \u00e9tait de r\u00e9unir des images dans un style oppos\u00e9 \u00e0 celui de la carte postale, autant se faire que peut, avec la consigne \u00ab\u00a0Puyloubier et la Montagne Sainte-Victoire autrement\u00a0\u00bb, un pari difficile \u00e0 gagner \u00e9tant donn\u00e9 que nous sommes habitu\u00e9s \u00e0 nos paysages et \u00e0 notre village, et qu\u2019il est difficile dans ces circonstances d\u2019avoir un \u00ab\u00a0\u0153il nouveau\u00a0\u00bb sur le quotidien qui nous entoure.<\/p>\n<p>Si nous avons r\u00e9ussi ou non le pari initial, l\u00e0 n\u2019est pas la question. En tous les cas nous sommes tous sortis gagnants de cette aventure: dans le domaine technique mais aussi et surtout, dans le domaine artistique.<\/p>\n<table border=\"0\" width=\"100%\" cellspacing=\"5\" align=\"center\">\n<tbody>\n<tr>\n<td valign=\"bottom\">\u00a0<a href=\"http:\/\/photoclub-puyloubier.org\/wp-content\/uploads\/2016\/03\/09112013-IMG_0587-1.jpg\"><img loading=\"lazy\" class=\"aligncenter wp-image-83 size-thumbnail\" src=\"http:\/\/photoclub-puyloubier.org\/wp-content\/uploads\/2016\/03\/09112013-IMG_0587-1-200x200.jpg\" alt=\"09112013-IMG_0587\" width=\"200\" height=\"200\" \/><\/a><\/td>\n<td valign=\"bottom\"><a href=\"http:\/\/photoclub-puyloubier.org\/wp-content\/uploads\/2016\/03\/DSC0407-Modifier.jpg\"><img loading=\"lazy\" class=\"aligncenter wp-image-84 size-thumbnail\" src=\"http:\/\/photoclub-puyloubier.org\/wp-content\/uploads\/2016\/03\/DSC0407-Modifier-200x200.jpg\" alt=\"_DSC0407\" width=\"200\" height=\"200\" \/><\/a><\/td>\n<td valign=\"bottom\"><a href=\"http:\/\/photoclub-puyloubier.org\/wp-content\/uploads\/2016\/03\/1311-0032.jpg\"><img loading=\"lazy\" class=\"aligncenter wp-image-82 size-thumbnail\" src=\"http:\/\/photoclub-puyloubier.org\/wp-content\/uploads\/2016\/03\/1311-0032-200x200.jpg\" alt=\"1311-0032\" width=\"200\" height=\"200\" \/><\/a><\/td>\n<td valign=\"bottom\"><a href=\"http:\/\/photoclub-puyloubier.org\/wp-content\/uploads\/2016\/03\/IMG_1160-1.jpg\"><img loading=\"lazy\" class=\"aligncenter wp-image-85 size-thumbnail\" src=\"http:\/\/photoclub-puyloubier.org\/wp-content\/uploads\/2016\/03\/IMG_1160-1-200x200.jpg\" alt=\"IMG_1160-1\" width=\"200\" height=\"200\" \/><\/a><\/td>\n<\/tr>\n<\/tbody>\n<\/table>\n<p style=\"text-align: center;\"><em><strong><a href=\"https:\/\/www.flickr.com\/photos\/129516439@N05\/albums\/72157663260343765\" target=\"_blank\" rel=\"noopener\">Voir toutes les photos de l\u2019exposition sur FlickR<\/a><\/strong><\/em><\/p>\n<h2><\/h2>\n<h2>\u00ab\u00a0Le santon dans tous ses \u00e9tats\u00a0\u00bb<\/h2>\n<p>Novembre \u2013 D\u00e9cembre 2014<\/p>\n<p>C\u2019est le titre que nous aurions voulu donner \u00e0 cette exposition qui retrace toutes les \u00e9tapes de la fabrication d\u2019un santon de Provence, depuis sa conception jusqu\u2019\u00e0 sa destination finale: la traditionnelle cr\u00e8che proven\u00e7ale. L\u2019id\u00e9e est partie d\u2019un simple exercice de style: comment illustrer un sujet donn\u00e9 dans le style magazine. Profitant du fait que l\u2019un de nos membres est santonnier, nous l\u2019avons mis \u00e0 contribution pour faire de nombreuses s\u00e9ances de prise de vues. Mais nous ne nous sommes pas born\u00e9s \u00e0 la simple illustration de la fabrication d\u2019un santon, nous avons aussi donn\u00e9 libre cours \u00e0 notre imagination dans des mises en sc\u00e8ne originales.<\/p>\n<table border=\"0\" width=\"100%\" cellspacing=\"5\" align=\"center\">\n<tbody>\n<tr>\n<td valign=\"bottom\">\u00a0<a href=\"http:\/\/photoclub-puyloubier.org\/wp-content\/uploads\/2016\/03\/agrandisst-composite-ebarb.jpg\"><img loading=\"lazy\" class=\"aligncenter wp-image-77 size-thumbnail\" src=\"http:\/\/photoclub-puyloubier.org\/wp-content\/uploads\/2016\/03\/agrandisst-composite-ebarb-200x200.jpg\" alt=\"agrandisst-composite-ebarb\" width=\"200\" height=\"200\" \/><\/a><\/td>\n<td valign=\"bottom\"><a href=\"http:\/\/photoclub-puyloubier.org\/wp-content\/uploads\/2016\/03\/agrandissement-moulage.jpg\"><img loading=\"lazy\" class=\"aligncenter wp-image-76 size-thumbnail\" src=\"http:\/\/photoclub-puyloubier.org\/wp-content\/uploads\/2016\/03\/agrandissement-moulage-200x200.jpg\" alt=\"agrandissement moulage\" width=\"200\" height=\"200\" \/><\/a><\/td>\n<td valign=\"bottom\"><a href=\"http:\/\/photoclub-puyloubier.org\/wp-content\/uploads\/2016\/03\/3-santons-eglise.jpg\"><img loading=\"lazy\" class=\"aligncenter wp-image-75 size-thumbnail\" src=\"http:\/\/photoclub-puyloubier.org\/wp-content\/uploads\/2016\/03\/3-santons-eglise-200x200.jpg\" alt=\"3-santons-eglise\" width=\"200\" height=\"200\" \/><\/a><\/td>\n<td valign=\"bottom\"><a href=\"http:\/\/photoclub-puyloubier.org\/wp-content\/uploads\/2016\/03\/santon-int-eglise.jpg\"><img loading=\"lazy\" class=\"aligncenter wp-image-78 size-thumbnail\" src=\"http:\/\/photoclub-puyloubier.org\/wp-content\/uploads\/2016\/03\/santon-int-eglise-200x200.jpg\" alt=\"santon-int-eglise\" width=\"200\" height=\"200\" \/><\/a><\/td>\n<\/tr>\n<\/tbody>\n<\/table>\n<p style=\"text-align: center;\"><em><strong><a href=\"https:\/\/www.flickr.com\/photos\/129516439@N05\/albums\/72157650628862575\" target=\"_blank\" rel=\"noopener\">Voir toutes les photos <\/a><a href=\"https:\/\/www.flickr.com\/photos\/129516439@N05\/albums\/72157649567820587\" target=\"_blank\" rel=\"noopener\">de l\u2019exposition <\/a><a href=\"https:\/\/www.flickr.com\/photos\/129516439@N05\/albums\/72157650628862575\" target=\"_blank\" rel=\"noopener\">sur FlickR<\/a><\/strong><\/em><\/p>\n<h2><\/h2>\n<h2>Troisi\u00e8me expo: \u00ab\u00a0Les Ados s\u2019exposent\u00a0\u00bb<\/h2>\n<p>Une exposition exclusivement r\u00e9alis\u00e9e par le groupe d\u2019adolescents du Photo Club. (Mai-Juin 2014)<\/p>\n<table border=\"0\" width=\"100%\" cellspacing=\"5\" align=\"center\">\n<tbody>\n<tr>\n<td valign=\"bottom\">\u00a0<a href=\"http:\/\/photoclub-puyloubier.org\/wp-content\/uploads\/2016\/03\/1405-TriX-400-D76_039-ados-PCP.jpg\"><img loading=\"lazy\" class=\"aligncenter wp-image-67 size-thumbnail\" src=\"http:\/\/photoclub-puyloubier.org\/wp-content\/uploads\/2016\/03\/1405-TriX-400-D76_039-ados-PCP-150x150.jpg\" alt=\"1405-TriX-400 - D76_039-(ados PCP)\" width=\"150\" height=\"150\" \/><\/a><\/td>\n<td valign=\"bottom\"><a href=\"http:\/\/photoclub-puyloubier.org\/wp-content\/uploads\/2016\/03\/IMG_9430.jpg\"><img loading=\"lazy\" class=\"aligncenter wp-image-68 size-thumbnail\" src=\"http:\/\/photoclub-puyloubier.org\/wp-content\/uploads\/2016\/03\/IMG_9430-150x150.jpg\" alt=\"IMG_9430\" width=\"150\" height=\"150\" \/><\/a><\/td>\n<td valign=\"bottom\"><a href=\"http:\/\/photoclub-puyloubier.org\/wp-content\/uploads\/2016\/03\/MG_1402.jpg\"><img loading=\"lazy\" class=\"aligncenter wp-image-69 size-thumbnail\" src=\"http:\/\/photoclub-puyloubier.org\/wp-content\/uploads\/2016\/03\/MG_1402-150x150.jpg\" alt=\"_MG_1402\" width=\"150\" height=\"150\" \/><\/a><\/td>\n<td valign=\"bottom\"><a href=\"http:\/\/photoclub-puyloubier.org\/wp-content\/uploads\/2016\/03\/MG_9336.jpg\"><img loading=\"lazy\" class=\"aligncenter wp-image-70 size-thumbnail\" src=\"http:\/\/photoclub-puyloubier.org\/wp-content\/uploads\/2016\/03\/MG_9336-150x150.jpg\" alt=\"_MG_9336\" width=\"150\" height=\"150\" \/><\/a><\/td>\n<\/tr>\n<\/tbody>\n<\/table>\n<p style=\"text-align: center;\"><em><strong><a href=\"https:\/\/www.flickr.com\/photos\/129516439@N05\/sets\/72157664308004665\" target=\"_blank\" rel=\"noopener\">Voir toutes les photos <\/a><a href=\"https:\/\/www.flickr.com\/photos\/129516439@N05\/albums\/72157649567820587\" target=\"_blank\" rel=\"noopener\">de l\u2019exposition <\/a><a href=\"https:\/\/www.flickr.com\/photos\/129516439@N05\/sets\/72157664308004665\" target=\"_blank\" rel=\"noopener\">sur FlickR<\/a> <\/strong><\/em><\/p>\n<p>&nbsp;<\/p>\n<h2>Deuxi\u00e8me exposition: Avril 2014<\/h2>\n<table border=\"0\" width=\"100%\" cellspacing=\"5\" align=\"center\">\n<tbody>\n<tr>\n<td valign=\"bottom\">\u00a0<a href=\"http:\/\/photoclub-puyloubier.org\/wp-content\/uploads\/2016\/03\/DSC_6371-sc.jpg\"><img loading=\"lazy\" class=\"aligncenter wp-image-63 size-thumbnail\" src=\"http:\/\/photoclub-puyloubier.org\/wp-content\/uploads\/2016\/03\/DSC_6371-sc-150x150.jpg\" alt=\"DSC_6371-sc\" width=\"150\" height=\"150\" \/><\/a><\/td>\n<td valign=\"bottom\"><a href=\"http:\/\/photoclub-puyloubier.org\/wp-content\/uploads\/2016\/03\/DSC_0184-ib.jpg\"><img loading=\"lazy\" class=\"aligncenter wp-image-62 size-thumbnail\" src=\"http:\/\/photoclub-puyloubier.org\/wp-content\/uploads\/2016\/03\/DSC_0184-ib-150x150.jpg\" alt=\"DSC_0184-ib\" width=\"150\" height=\"150\" \/><\/a><\/td>\n<td valign=\"bottom\"><a href=\"http:\/\/photoclub-puyloubier.org\/wp-content\/uploads\/2016\/03\/04.06.11-031-2-eb.jpg\"><img loading=\"lazy\" class=\"aligncenter wp-image-61 size-thumbnail\" src=\"http:\/\/photoclub-puyloubier.org\/wp-content\/uploads\/2016\/03\/04.06.11-031-2-eb-150x150.jpg\" alt=\"04.06.11 031-2-eb\" width=\"150\" height=\"150\" \/><\/a><\/td>\n<td valign=\"bottom\"><a href=\"http:\/\/photoclub-puyloubier.org\/wp-content\/uploads\/2016\/03\/IMG_1358-jnp.jpg\"><img loading=\"lazy\" class=\"aligncenter wp-image-64 size-thumbnail\" src=\"http:\/\/photoclub-puyloubier.org\/wp-content\/uploads\/2016\/03\/IMG_1358-jnp-150x150.jpg\" alt=\"IMG_1358-jnp\" width=\"150\" height=\"150\" \/><\/a><\/td>\n<\/tr>\n<\/tbody>\n<\/table>\n<p style=\"text-align: center;\"><em><strong><a href=\"https:\/\/www.flickr.com\/photos\/129516439@N05\/albums\/72157649972600792\" target=\"_blank\" rel=\"noopener\">Voir toutes les photos <\/a><a href=\"https:\/\/www.flickr.com\/photos\/129516439@N05\/albums\/72157649567820587\" target=\"_blank\" rel=\"noopener\">de l\u2019exposition <\/a><a href=\"https:\/\/www.flickr.com\/photos\/129516439@N05\/albums\/72157649972600792\" target=\"_blank\" rel=\"noopener\">sur FlickR<\/a><\/strong><\/em><\/p>\n<p>&nbsp;<\/p>\n<h2>Premi\u00e8re exposition: Novembre 2013<\/h2>\n<table border=\"0\" width=\"100%\">\n<tbody>\n<tr>\n<td align=\"center\" valign=\"bottom\" width=\"25%\"><a href=\"http:\/\/photoclub-puyloubier.org\/wp-content\/uploads\/2016\/03\/SC_043_PCP_pre-2-30x40.jpg\"><img loading=\"lazy\" class=\"aligncenter wp-image-57 size-thumbnail\" src=\"http:\/\/photoclub-puyloubier.org\/wp-content\/uploads\/2016\/03\/SC_043_PCP_pre-2-30x40-150x150.jpg\" alt=\"SC_043_PCP_pre-2-30x40\" width=\"150\" height=\"150\" \/><\/a><\/td>\n<td align=\"center\" valign=\"bottom\" width=\"25%\"><a href=\"http:\/\/photoclub-puyloubier.org\/wp-content\/uploads\/2016\/03\/CL_0974_PCP_pre-30x40.jpg\"><img loading=\"lazy\" class=\"aligncenter wp-image-54 size-thumbnail\" src=\"http:\/\/photoclub-puyloubier.org\/wp-content\/uploads\/2016\/03\/CL_0974_PCP_pre-30x40-150x150.jpg\" alt=\"CL_0974_PCP_pre-30x40\" width=\"150\" height=\"150\" \/><\/a><\/td>\n<td align=\"center\" valign=\"bottom\" width=\"25%\"><a href=\"http:\/\/photoclub-puyloubier.org\/wp-content\/uploads\/2016\/03\/JD_017-4_pre-30x40.jpg\"><img loading=\"lazy\" class=\"aligncenter wp-image-55 size-thumbnail\" src=\"http:\/\/photoclub-puyloubier.org\/wp-content\/uploads\/2016\/03\/JD_017-4_pre-30x40-150x150.jpg\" alt=\"JD_017-4_pre-30x40\" width=\"150\" height=\"150\" \/><\/a><\/td>\n<td align=\"center\" valign=\"bottom\" width=\"25%\"><a href=\"http:\/\/photoclub-puyloubier.org\/wp-content\/uploads\/2016\/03\/MA_1074_PCP_pre-30x40.jpg\"><img loading=\"lazy\" class=\"aligncenter wp-image-56 size-thumbnail\" src=\"http:\/\/photoclub-puyloubier.org\/wp-content\/uploads\/2016\/03\/MA_1074_PCP_pre-30x40-150x150.jpg\" alt=\"MA_1074_PCP_pre-30x40\" width=\"150\" height=\"150\" \/><\/a><\/td>\n<\/tr>\n<\/tbody>\n<\/table>\n<p style=\"text-align: center;\"><em><strong><a href=\"https:\/\/www.flickr.com\/photos\/129516439@N05\/albums\/72157649567820587\" target=\"_blank\" rel=\"noopener\">Voir toutes les photos de l\u2019exposition sur FlickR<\/a><\/strong><\/em><\/p>\n","protected":false},"excerpt":{"rendered":"<p>Les membres du Photo Club Puyloubier exposent r\u00e9guli\u00e8rement leurs photos, plusieurs fois par an. Les genres sont tr\u00e8s vari\u00e9s: macro-photographie, paysages, portraits, voyages, etc. Tous peuvent y participer mais ce n\u2019est pas une obligation. Dans certains cas des th\u00e8mes sont&#8230; <a href=\"https:\/\/photoclub-puyloubier.org\/index.php\/expositions-du-photo-club-puyloubier\/\" class=\"read-more\">Lire la suite&#8230;<\/a><\/p>\n","protected":false},"author":1,"featured_media":0,"parent":0,"menu_order":0,"comment_status":"closed","ping_status":"closed","template":"","meta":[],"_links":{"self":[{"href":"https:\/\/photoclub-puyloubier.org\/index.php\/wp-json\/wp\/v2\/pages\/261"}],"collection":[{"href":"https:\/\/photoclub-puyloubier.org\/index.php\/wp-json\/wp\/v2\/pages"}],"about":[{"href":"https:\/\/photoclub-puyloubier.org\/index.php\/wp-json\/wp\/v2\/types\/page"}],"author":[{"embeddable":true,"href":"https:\/\/photoclub-puyloubier.org\/index.php\/wp-json\/wp\/v2\/users\/1"}],"replies":[{"embeddable":true,"href":"https:\/\/photoclub-puyloubier.org\/index.php\/wp-json\/wp\/v2\/comments?post=261"}],"version-history":[{"count":16,"href":"https:\/\/photoclub-puyloubier.org\/index.php\/wp-json\/wp\/v2\/pages\/261\/revisions"}],"predecessor-version":[{"id":430,"href":"https:\/\/photoclub-puyloubier.org\/index.php\/wp-json\/wp\/v2\/pages\/261\/revisions\/430"}],"wp:attachment":[{"href":"https:\/\/photoclub-puyloubier.org\/index.php\/wp-json\/wp\/v2\/media?parent=261"}],"curies":[{"name":"wp","href":"https:\/\/api.w.org\/{rel}","templated":true}]}}